{"id":46833,"date":"2024-04-28T07:11:16","date_gmt":"2024-04-28T10:11:16","guid":{"rendered":"http:\/\/espirita.feak.org\/?page_id=46833"},"modified":"2024-06-09T13:38:23","modified_gmt":"2024-06-09T16:38:23","slug":"palestras-2024","status":"publish","type":"page","link":"http:\/\/espirita.feak.org\/?page_id=46833","title":{"rendered":"Palestras 2024"},"content":{"rendered":"\n\n\n<h4>Seja muito bem-vindo(a)! \u00c9 com alegria que o(a) recebemos em nosso Congresso. <br><\/h4><h4>Esta edi\u00e7\u00e3o comemorativa aos <strong>160 anos de O Evangelho Segundo o Espiritismo<\/strong> e aos <strong>37 anos da FEAK<\/strong> contou com palestras ao vivo (2\u00aa feira: 20 horas | 5\u00aa feira: 14h30 | S\u00e1bado: 19 horas).<\/h4>\n<h4>Ap\u00f3s a data\/hora agendada para a transmiss\u00e3o ao vivo, as palestras ficaram aqui dispon\u00edveis.<\/h4>\n\n\n\n\n\n\n\n\nData: 02\/05\/2024<br>Hor\u00e1rio: 14h30<br>Tema: Hist\u00f3ria de como foi feito O Evangelho Segundo o Espiritismo\n\n\n\n\n\n\nData: 04\/05\/2024<br>Hor\u00e1rio: 19 horas<br>Tema: Sede perfeitos\n\n\n\n\n\n\nData: 06\/05\/2024<br>Hor\u00e1rio: 20 horas<br>Tema: O Cristo Consolador\n\n\n\n\n\n\nData: 09\/05\/2024<br>Hor\u00e1rio: 14h30<br>Tema: Bem-aventurados os que s\u00e3o misericordiosos\n\n\n\n\n\n\nData: 11\/05\/2024<br>Hor\u00e1rio: 19 horas<br>Tema: Ningu\u00e9m poder\u00e1 ver o Reino de Deus se n\u00e3o nascer de novo\n\n\n\n\n\n\nData: 13\/05\/2024<br>Hor\u00e1rio: 20 horas<br>Tema: N\u00e3o se pode servir a Deus e a Mamon\n\n\n\n\n\n\nData: 16\/05\/2024<br>Hor\u00e1rio: 14h30<br>Tema: Bem-aventurados os aflitos\n\n\n\n\n\n\nData: 18\/05\/2024<br>Hor\u00e1rio: 19 horas<br>Tema: Pedi e obtereis\n\n\n\n\n\n\nData: 20\/05\/2024<br>Hor\u00e1rio: 20 horas<br>Tema: Meu reino n\u00e3o \u00e9 deste mundo\n\n\n\n\n\n\nData: 23\/05\/2024<br>Hor\u00e1rio: 14h30<br>Tema: Estranha Moral\n\n\n\n\n\n\nData: 25\/05\/2024<br>Hor\u00e1rio: 19 horas<br>Tema: Muitos os chamados e poucos os escolhidos\n\n\n\n\n\n\nData: 27\/05\/2024<br>Hor\u00e1rio: 20 horas<br>Tema: Maria de Nazar\u00e9, aspectos sociais e espirituais\n\n\n\n\n\n\nData: 30\/05\/2024<br>Hor\u00e1rio: 14h30<br>Tema: Fora da caridade n\u00e3o h\u00e1 salva\u00e7\u00e3o\n\n\n\n\n\n\nData: 01\/06\/2024<br>Hor\u00e1rio: 19 horas<br>Tema: N\u00e3o ponhais a candeia debaixo do velador\n\n\n\n\n\n\nData: 03\/06\/2024<br>Hor\u00e1rio: 20 horas<br>Tema: Palestra de encerramento\n\n\n\n\n\n\n\n\n\n\n","protected":false},"excerpt":{"rendered":"","protected":false},"author":1,"featured_media":0,"parent":0,"menu_order":0,"comment_status":"closed","ping_status":"closed","template":"","meta":{"pagelayer_contact_templates":[],"_pagelayer_content":""},"_links":{"self":[{"href":"http:\/\/espirita.feak.org\/index.php?rest_route=\/wp\/v2\/pages\/46833"}],"collection":[{"href":"http:\/\/espirita.feak.org\/index.php?rest_route=\/wp\/v2\/pages"}],"about":[{"href":"http:\/\/espirita.feak.org\/index.php?rest_route=\/wp\/v2\/types\/page"}],"author":[{"embeddable":true,"href":"http:\/\/espirita.feak.org\/index.php?rest_route=\/wp\/v2\/users\/1"}],"replies":[{"embeddable":true,"href":"http:\/\/espirita.feak.org\/index.php?rest_route=%2Fwp%2Fv2%2Fcomments&post=46833"}],"version-history":[{"count":29,"href":"http:\/\/espirita.feak.org\/index.php?rest_route=\/wp\/v2\/pages\/46833\/revisions"}],"predecessor-version":[{"id":46913,"href":"http:\/\/espirita.feak.org\/index.php?rest_route=\/wp\/v2\/pages\/46833\/revisions\/46913"}],"wp:attachment":[{"href":"http:\/\/espirita.feak.org\/index.php?rest_route=%2Fwp%2Fv2%2Fmedia&parent=46833"}],"curies":[{"name":"wp","href":"https:\/\/api.w.org\/{rel}","templated":true}]}}